{"id":4532,"date":"2021-01-31T13:44:17","date_gmt":"2021-01-31T16:44:17","guid":{"rendered":"https:\/\/flordeibez.org\/flor\/?page_id=4532"},"modified":"2022-05-19T19:41:43","modified_gmt":"2022-05-19T22:41:43","slug":"projeto-mara-robdzuri","status":"publish","type":"page","link":"https:\/\/flordeibez.org\/flor\/projeto-mara-robdzuri\/","title":{"rendered":"Projeto Mar\u00e3 Robdzuri &#8211; Plantar na Floresta"},"content":{"rendered":"<div id=\"pl-4532\"  class=\"panel-layout\" ><div id=\"pg-4532-0\"  class=\"panel-grid panel-no-style\" ><div id=\"pgc-4532-0-0\"  class=\"panel-grid-cell\" ><div id=\"panel-4532-0-0-0\" class=\"so-panel widget widget_text panel-first-child panel-last-child\" data-index=\"0\" ><div class=\"panel-widget-style panel-widget-style-for-4532-0-0-0\" >\t\t\t<div class=\"textwidget\"><p style=\"text-align: left; font-size: 25px; font-family: helvetica, arial, sans-serif; color: #8c8c8c; font-weight: normal;\">p r o j e t o<\/p>\n<p style=\"text-align: left; font-size: 37px; font-family: helvetica, arial, sans-serif; color: #8c8c8c; font-weight: bold;\"><b>Mar\u00e3 Robdzuri &#8211;<br \/>\nPlantar na Floresta<\/b><\/p>\n<\/div>\n\t\t<\/div><\/div><\/div><div id=\"pgc-4532-0-1\"  class=\"panel-grid-cell\" ><div id=\"panel-4532-0-1-0\" class=\"so-panel widget widget_text panel-first-child panel-last-child\" data-index=\"1\" ><div class=\"panel-widget-style panel-widget-style-for-4532-0-1-0\" >\t\t\t<div class=\"textwidget\"><p style=\"text-align: left; font-size: 21px; font-family: helvetica, arial, sans-serif; color: #8c8c8c; font-weight: normal; line-height: 200%;\"><b>Mar\u00e3 Robdzuri<\/b> \u00e9 uma express\u00e3o no idioma A&#8217;uw\u1ebd Xavante, que significa &#8220;plantar na floresta&#8221;. Este projeto de <b>forma\u00e7\u00e3o vivencial inter\u00e9tnica em agrofloresta e pr\u00e1ticas sustent\u00e1veis<\/b> \u00e9 uma amplia\u00e7\u00e3o de trabalhos que j\u00e1 v\u00eam sendo realizados em territ\u00f3rio Xavante e na sede de Flor de Ibez. Al\u00e9m de implantar parcelas agroflorestais e restaurar \u00e1reas enfraquecidas do bioma, tornando-as produtivas com esp\u00e9cies de interesse, este projeto visa criar bases, por meio da forma\u00e7\u00e3o vivencial, para que esse trabalho prossiga evoluindo nas aldeias atendidas, com vistas \u00e0 soberania alimentar, ao resgate de esp\u00e9cies aliment\u00edcias tradicionais, \u00e0 gest\u00e3o territorial e \u00e0 forma\u00e7\u00e3o de cadeias produtivas sustent\u00e1veis. Produzir alimento e, ao mesmo tempo, manter o cerrado \u201cem p\u00e9\u201d, construindo solo f\u00e9rtil e restaurando o ciclo da \u00e1gua \u00e9 a linha de esfor\u00e7o que temos adotado em nossas pr\u00e1ticas agroflorestais.<\/p>\n<\/div>\n\t\t<\/div><\/div><\/div><\/div><div id=\"pg-4532-1\"  class=\"panel-grid panel-has-style\" ><div class=\"panel-row-style panel-row-style-for-4532-1\" ><div id=\"pgc-4532-1-0\"  class=\"panel-grid-cell panel-grid-cell-empty\" ><\/div><div id=\"pgc-4532-1-1\"  class=\"panel-grid-cell\" ><div id=\"panel-4532-1-1-0\" class=\"so-panel widget widget_text panel-first-child panel-last-child\" data-index=\"2\" ><div class=\"panel-widget-style panel-widget-style-for-4532-1-1-0\" >\t\t\t<div class=\"textwidget\"><p style=\"text-align: left; font-size: 21px; font-family: helvetica, arial, sans-serif; color: #fff; font-weight: normal; line-height: 200%;\">Desde 2016, Flor de Ibez e o povo Xavante compartilham mutuamente seus espa\u00e7os e interagem diretamente em cursos, oficinas, viv\u00eancias, mutir\u00f5es de bioconstru\u00e7\u00e3o, saneamento ecol\u00f3gico e implanta\u00e7\u00e3o e manejo de plantios agroflorestais. Assim, constru\u00edmos uma parceria fundada na confian\u00e7a m\u00fatua, o que possibilita as amplia\u00e7\u00f5es aqui propostas.<\/p>\n<\/div>\n\t\t<\/div><\/div><\/div><\/div><\/div><div id=\"pg-4532-2\"  class=\"panel-grid panel-no-style\" ><div id=\"pgc-4532-2-0\"  class=\"panel-grid-cell\" ><div id=\"panel-4532-2-0-0\" class=\"so-panel widget widget_text panel-first-child panel-last-child\" data-index=\"3\" ><div class=\"panel-widget-style panel-widget-style-for-4532-2-0-0\" >\t\t\t<div class=\"textwidget\"><p style=\"text-align: left; font-size: 21px; font-family: helvetica, arial, sans-serif; color: #8d8d8d; font-weight: normal; line-height: 200%;\">Nessa perspectiva, o projeto prop\u00f5e fortalecer essa rede de coopera\u00e7\u00e3o com foco em pr\u00e1ticas sustent\u00e1veis. Nossa metodologia se fundamenta no compartilhamento dos princ\u00edpios da agricultura agroecol\u00f3gica regenerativa de maneira acess\u00edvel e compreens\u00edvel aos parentes Xavante, por meio de analogias e partindo de suas pr\u00e1ticas habituais. A teoria surge na pr\u00e1tica, ao &#8220;p\u00e9 da planta&#8221;, e se desdobra em rodas de conversa, observa\u00e7\u00e3o da natureza e v\u00eddeos ilustrativos. Buscamos sempre a participa\u00e7\u00e3o ativa das comunidades ind\u00edgenas, a troca de saberes e de experi\u00eancias e o fomento de sua autonomia nas tomadas de decis\u00e3o.<\/p>\n<\/div>\n\t\t<\/div><\/div><\/div><\/div><div id=\"pg-4532-3\"  class=\"panel-grid panel-no-style\" ><div id=\"pgc-4532-3-0\"  class=\"panel-grid-cell\" ><div id=\"panel-4532-3-0-0\" class=\"so-panel widget widget_media_image panel-first-child panel-last-child\" data-index=\"4\" ><img width=\"900\" height=\"675\" src=\"https:\/\/flordeibez.org\/flor\/wp-content\/uploads\/2021\/01\/milho-xavante.jpg\" class=\"image wp-image-4539  attachment-full size-full\" alt=\"\" decoding=\"async\" loading=\"lazy\" style=\"max-width: 100%; height: auto;\" srcset=\"https:\/\/flordeibez.org\/flor\/wp-content\/uploads\/2021\/01\/milho-xavante.jpg 900w, https:\/\/flordeibez.org\/flor\/wp-content\/uploads\/2021\/01\/milho-xavante-800x600.jpg 800w, https:\/\/flordeibez.org\/flor\/wp-content\/uploads\/2021\/01\/milho-xavante-768x576.jpg 768w\" sizes=\"(max-width: 900px) 100vw, 900px\" \/><\/div><\/div><div id=\"pgc-4532-3-1\"  class=\"panel-grid-cell\" ><div id=\"panel-4532-3-1-0\" class=\"so-panel widget widget_media_image panel-first-child panel-last-child\" data-index=\"5\" ><img width=\"900\" height=\"675\" src=\"https:\/\/flordeibez.org\/flor\/wp-content\/uploads\/2021\/01\/auwe-ripa.jpg\" class=\"image wp-image-4536  attachment-full size-full\" alt=\"\" decoding=\"async\" loading=\"lazy\" style=\"max-width: 100%; height: auto;\" srcset=\"https:\/\/flordeibez.org\/flor\/wp-content\/uploads\/2021\/01\/auwe-ripa.jpg 900w, https:\/\/flordeibez.org\/flor\/wp-content\/uploads\/2021\/01\/auwe-ripa-800x600.jpg 800w, https:\/\/flordeibez.org\/flor\/wp-content\/uploads\/2021\/01\/auwe-ripa-768x576.jpg 768w\" sizes=\"(max-width: 900px) 100vw, 900px\" \/><\/div><\/div><div id=\"pgc-4532-3-2\"  class=\"panel-grid-cell\" ><div id=\"panel-4532-3-2-0\" class=\"so-panel widget widget_media_image panel-first-child panel-last-child\" data-index=\"6\" ><img width=\"900\" height=\"675\" src=\"https:\/\/flordeibez.org\/flor\/wp-content\/uploads\/2021\/01\/grupo-canteiro.jpg\" class=\"image wp-image-4537  attachment-full size-full\" alt=\"\" decoding=\"async\" loading=\"lazy\" style=\"max-width: 100%; height: auto;\" srcset=\"https:\/\/flordeibez.org\/flor\/wp-content\/uploads\/2021\/01\/grupo-canteiro.jpg 900w, https:\/\/flordeibez.org\/flor\/wp-content\/uploads\/2021\/01\/grupo-canteiro-800x600.jpg 800w, https:\/\/flordeibez.org\/flor\/wp-content\/uploads\/2021\/01\/grupo-canteiro-768x576.jpg 768w\" sizes=\"(max-width: 900px) 100vw, 900px\" \/><\/div><\/div><\/div><div id=\"pg-4532-4\"  class=\"panel-grid panel-no-style\" ><div id=\"pgc-4532-4-0\"  class=\"panel-grid-cell\" ><div id=\"panel-4532-4-0-0\" class=\"so-panel widget widget_text panel-first-child panel-last-child\" data-index=\"7\" ><div class=\"panel-widget-style panel-widget-style-for-4532-4-0-0\" >\t\t\t<div class=\"textwidget\"><p style=\"text-align: left; font-size: 21px; font-family: helvetica, arial, sans-serif; color: #8d8d8d; font-weight: normal; line-height: 200%;\">A forma\u00e7\u00e3o vivencial est\u00e1 organizada em m\u00f3dulos de 30 dias. Cada m\u00f3dulo \u00e9 composto de 4 subdivis\u00f5es, nas quais se valorizam temas espec\u00edficos. A pr\u00e1tica inclui o aprendizado e seu aprofundamento, segundo as demandas e interesses espec\u00edficos de cada participante.<\/p>\n<p style=\"text-align: left; font-size: 21px; font-family: helvetica, arial, sans-serif; color: #8d8d8d; font-weight: normal; line-height: 200%;\">Uma parceria com a UFMT no trabalho de extens\u00e3o <b>Cartografia Social e Pr\u00e1ticas de Mapeamento: bases para gest\u00e3o territorial e ambiental A\u2019uw\u1ebd-Xavante<\/b>, sob a responsabilidade do prof. Magno Silvestri, enriquecer\u00e1 os m\u00f3dulos 2 e 3 de Mar\u00e3 Robdzuri, e oferecer\u00e1 ainda aulas on-line nas quais estar\u00e3o inclu\u00eddos novos participantes. No m\u00f3dulo 2, em julho 2021, teremos o curso <b>Espa\u00e7o e representa\u00e7\u00e3o, cartografia e mapeamento participativo<\/b>. No m\u00f3dulo 3, programado para outubro, teremos <b>Tecnologias de mapeamento e o uso do GPS<\/b> e <b>Pr\u00e1ticas de mapeamento para gest\u00e3o territorial e ambiental A\u2019uw\u1ebd-Xavante<\/b>.<\/p>\n<p style=\"text-align: left; font-size: 21px; font-family: helvetica, arial, sans-serif; color: #8d8d8d; font-weight: normal; line-height: 200%;\">Buscamos sempre valorizar a experi\u00eancia a partir da coletividade, ou seja, da comunidade envolvida. Assim, cria-se a possibilidade de replicar as experi\u00eancias vivenciadas para o espa\u00e7o da comunidade envolvida e no territ\u00f3rio de forma geral, e damos um salto de \u201cescala\u201d das a\u00e7\u00f5es empreendidas.<\/p>\n<\/div>\n\t\t<\/div><\/div><\/div><\/div><div id=\"pg-4532-5\"  class=\"panel-grid panel-has-style\" ><div class=\"panel-row-style panel-row-style-for-4532-5\" ><div id=\"pgc-4532-5-0\"  class=\"panel-grid-cell\" ><div id=\"panel-4532-5-0-0\" class=\"so-panel widget widget_text panel-first-child panel-last-child\" data-index=\"8\" ><div class=\"panel-widget-style panel-widget-style-for-4532-5-0-0\" >\t\t\t<div class=\"textwidget\"><p style=\"text-align: center; font-size: 21px; font-family: helvetica, arial, sans-serif; color: #fff; font-weight: normal; line-height: 200%;\">Ao germinar, a semente consolida primeiro as ra\u00edzes para depois lan\u00e7ar caule, folhas, flor, fruto e sementes. Tal \u00e9 a ideia desse projeto: consolidar bases para que seja poss\u00edvel o crescimento e a expans\u00e3o de uma rede de pr\u00e1ticas regenerativas e ecologicamente adequadas nos territ\u00f3rios Xavante atendidos e na regi\u00e3o, por interm\u00e9dio de Flor de Ibez, sempre em di\u00e1logo com os conhecimentos tradicionais.<\/p>\n<p style=\"text-align: center; font-size: 21px; font-family: helvetica, arial, sans-serif; color: #fff; font-weight: normal; line-height: 200%;\">Hepar\u0129 &#8211; Gratid\u00e3o<\/p>\n<\/div>\n\t\t<\/div><\/div><\/div><\/div><\/div><div id=\"pg-4532-6\"  class=\"panel-grid panel-no-style\" ><div id=\"pgc-4532-6-0\"  class=\"panel-grid-cell\" ><div id=\"panel-4532-6-0-0\" class=\"so-panel widget widget_text panel-first-child panel-last-child\" data-index=\"9\" ><div class=\"panel-widget-style panel-widget-style-for-4532-6-0-0\" >\t\t\t<div class=\"textwidget\"><p style=\"text-align: left; font-size: 21px; font-family: helvetica, arial, sans-serif; color: #8d8d8d; font-weight: normal;\">O projeto <b>Mar\u00e3 Robdzuri<\/b> est\u00e1 sendo levado adiante por meio de um <a href=\"https:\/\/flordeibez.org\/flor\/formacao-vivencial-campanha-3\/\" target=\"_blank\" rel=\"noopener\">financiamento coletivo<\/a> &#8211; crowdfunding -, ou seja, acontece por meio da colabora\u00e7\u00e3o espont\u00e2nea de amigos, colaboradores e simpatizantes do trabalho de Flor de Ibez e dos povos origin\u00e1rios.<\/p>\n<p style=\"text-align: left; font-size: 21px; font-family: helvetica, arial, sans-serif; color: #8d8d8d; font-weight: bold;\">Clique no bot\u00e3o ao lado para participar!<\/p>\n<\/div>\n\t\t<\/div><\/div><\/div><div id=\"pgc-4532-6-1\"  class=\"panel-grid-cell\" ><div id=\"panel-4532-6-1-0\" class=\"so-panel widget widget_text panel-first-child\" data-index=\"10\" ><div class=\"panel-widget-style panel-widget-style-for-4532-6-1-0\" >\t\t\t<div class=\"textwidget\"><p><a href=\"https:\/\/flordeibez.org\/flor\/formacao-vivencial-campanha-3\/#donation\" target=\"_blank\" rel=\"noopener\"><button style=\"text-align: center; font-size: 21px; font-family: helvetica, arial, sans-serif; color: #1c1c1c; font-weight: normal; border: none; background-color: #dd8500; padding: 3% 5%;\">QUERO DOAR!<\/button><\/a><br \/>\n<div class=\"wptime-plugin-progress-wrap\" style=\"max-width:100%;background:#fff6d5;margin-bottom:20px;\"><div class=\"wptime-plugin-progress-bar\" style=\"background:#55d400;width:100%;\"><\/div><span style=\"color:#2b1100;\">100%<\/span><\/div><\/p>\n<p style=\"text-align: center; font-size: 15px; font-family: helvetica, arial, sans-serif; color: #1c1c1c;\">Porcentagem alcan\u00e7ada do valor total de R$13.330,00, referente ao Terceiro M\u00f3dulo de Mar\u00e3 Robdzuri. Valores que excedam esse montante ser\u00e3o utilizados para suprir o atendimento regular \u00e0 aldeia.<\/p>\n<p style=\"text-align: center; font-size: 15px; font-family: helvetica, arial, sans-serif; color: #6d6d6d; font-weight: bold;\">Atualizado em 22 de outubro de 2021<\/p>\n<\/div>\n\t\t<\/div><\/div><div id=\"panel-4532-6-1-1\" class=\"so-panel widget widget_text panel-last-child\" data-index=\"11\" ><div class=\"panel-widget-style panel-widget-style-for-4532-6-1-1\" >\t\t\t<div class=\"textwidget\"><p style=\"text-align: center; font-size: 19px; font-family: helvetica, arial, sans-serif; color: #fff; font-weight: bold; background-color: #9d9d9d;\">Para visualizar o relat\u00f3rio do M\u00f3dulo-01 de Mar\u00e3 Robdzuri<a href=\"https:\/\/flordeibez.org\/flor\/relatorio-mod01-mr\/\" target=\"_blank\" rel=\"noopener\"><br \/>\nclique aqui.<\/a><\/p>\n<p style=\"text-align: center; font-size: 19px; font-family: helvetica, arial, sans-serif; color: #fff; font-weight: bold; background-color: #9d9d9d;\">Para visualizar o relat\u00f3rio do M\u00f3dulo-02 de Mar\u00e3 Robdzuri<a href=\"https:\/\/flordeibez.org\/flor\/relatorio-mod02-mr\/\" target=\"_blank\" rel=\"noopener\"><br \/>\nclique aqui.<\/a><\/p>\n<p style=\"text-align: center; font-size: 19px; font-family: helvetica, arial, sans-serif; color: #fff; font-weight: bold; background-color: #9d9d9d;\">Para visualizar o relat\u00f3rio do M\u00f3dulo-03 de Mar\u00e3 Robdzuri<a href=\"https:\/\/flordeibez.org\/flor\/relatorio-mod03-mr\/\" target=\"_blank\" rel=\"noopener\"><br \/>\nclique aqui.<\/a><\/p>\n<\/div>\n\t\t<\/div><\/div><\/div><\/div><div id=\"pg-4532-7\"  class=\"panel-grid panel-has-style\" ><div class=\"siteorigin-panels-stretch panel-row-style panel-row-style-for-4532-7\" data-stretch-type=\"full-stretched\" ><div id=\"pgc-4532-7-0\"  class=\"panel-grid-cell\" ><div id=\"panel-4532-7-0-0\" class=\"so-panel widget widget_text panel-first-child panel-last-child\" data-index=\"12\" ><div class=\"panel-widget-style panel-widget-style-for-4532-7-0-0\" >\t\t\t<div class=\"textwidget\"><p style=\"text-align: center; font-size: 16px; font-family: helvetica, arial, sans-serif; color: #fff;\">e-mail secretaria@flordeibez.org<br \/>\nTelegram +55 66 9 9673-7893<br \/>\nfacebook e instagram @flordeibez<\/p>\n<p style=\"text-align: center; font-size: 16px; font-family: helvetica, arial, sans-serif; color: #fff;\"><b>Paz a todos os seres!<\/b><\/p>\n<\/div>\n\t\t<\/div><\/div><\/div><\/div><\/div><\/div>","protected":false},"excerpt":{"rendered":"<p>p r o j e t o Mar\u00e3 Robdzuri &#8211; Plantar na Floresta Mar\u00e3 Robdzuri \u00e9 uma express\u00e3o no idioma A&#8217;uw\u1ebd Xavante, que significa &#8220;plantar na floresta&#8221;. Este projeto de forma\u00e7\u00e3o vivencial inter\u00e9tnica em agrofloresta e pr\u00e1ticas sustent\u00e1veis \u00e9 uma amplia\u00e7\u00e3o de trabalhos que j\u00e1 v\u00eam sendo realizados em territ\u00f3rio Xavante e na sede de [&hellip;]<\/p>\n","protected":false},"author":2,"featured_media":0,"parent":0,"menu_order":0,"comment_status":"closed","ping_status":"closed","template":"","meta":[],"_links":{"self":[{"href":"https:\/\/flordeibez.org\/flor\/wp-json\/wp\/v2\/pages\/4532"}],"collection":[{"href":"https:\/\/flordeibez.org\/flor\/wp-json\/wp\/v2\/pages"}],"about":[{"href":"https:\/\/flordeibez.org\/flor\/wp-json\/wp\/v2\/types\/page"}],"author":[{"embeddable":true,"href":"https:\/\/flordeibez.org\/flor\/wp-json\/wp\/v2\/users\/2"}],"replies":[{"embeddable":true,"href":"https:\/\/flordeibez.org\/flor\/wp-json\/wp\/v2\/comments?post=4532"}],"version-history":[{"count":76,"href":"https:\/\/flordeibez.org\/flor\/wp-json\/wp\/v2\/pages\/4532\/revisions"}],"predecessor-version":[{"id":5212,"href":"https:\/\/flordeibez.org\/flor\/wp-json\/wp\/v2\/pages\/4532\/revisions\/5212"}],"wp:attachment":[{"href":"https:\/\/flordeibez.org\/flor\/wp-json\/wp\/v2\/media?parent=4532"}],"curies":[{"name":"wp","href":"https:\/\/api.w.org\/{rel}","templated":true}]}}