{"id":2618,"date":"2018-11-24T20:12:49","date_gmt":"2018-11-24T22:12:49","guid":{"rendered":"http:\/\/flordeibez.org\/flor\/?page_id=2618"},"modified":"2018-12-10T09:31:37","modified_gmt":"2018-12-10T11:31:37","slug":"vivencia-coracao-em-flor","status":"publish","type":"page","link":"https:\/\/flordeibez.org\/flor\/vivencia-coracao-em-flor\/","title":{"rendered":"Cora\u00e7\u00e3o em Flor &#8211; Viv\u00eancia Inter\u00e9tnica em Agroecologia"},"content":{"rendered":"<div id=\"pl-2618\"  class=\"panel-layout\" ><div id=\"pg-2618-0\"  class=\"panel-grid panel-has-style\" ><div class=\"siteorigin-panels-stretch panel-row-style panel-row-style-for-2618-0\" data-stretch-type=\"full-stretched\" ><div id=\"pgc-2618-0-0\"  class=\"panel-grid-cell\" ><div id=\"panel-2618-0-0-0\" class=\"so-panel widget widget_sow-editor panel-first-child panel-last-child\" data-index=\"0\" ><div class=\"panel-widget-style panel-widget-style-for-2618-0-0-0\" ><div\n\t\t\t\n\t\t\tclass=\"so-widget-sow-editor so-widget-sow-editor-base\"\n\t\t\t\n\t\t>\n<div class=\"siteorigin-widget-tinymce textwidget\">\n\t<p style=\"text-align: left; font-size: 38px; font-family: helvetica, arial, sans-serif; color: #ffcc00;\"><b>Cora\u00e7\u00e3o em Flor<\/b><br \/>\n<span style=\"color: #ffcc00;\">Viv\u00eancia inter\u00e9tnica em agroecologia<\/span><\/p>\n<p style=\"text-align: left; font-size: 30px; font-family: helvetica, arial, sans-serif; color: #fff; font-weight: bold;\">nova data:<br \/>\n15 a 17 de dezembro 2018<\/p>\n<\/div>\n<\/div><\/div><\/div><\/div><\/div><\/div><div id=\"pg-2618-1\"  class=\"panel-grid panel-has-style\" ><div class=\"siteorigin-panels-stretch panel-row-style panel-row-style-for-2618-1\" data-stretch-type=\"full-stretched\" ><div id=\"pgc-2618-1-0\"  class=\"panel-grid-cell\" ><div id=\"panel-2618-1-0-0\" class=\"so-panel widget widget_sow-image-grid panel-first-child panel-last-child\" data-index=\"1\" ><div\n\t\t\t\n\t\t\tclass=\"so-widget-sow-image-grid so-widget-sow-image-grid-default-3fbf13dff59f-2618\"\n\t\t\t\n\t\t>\t<div class=\"sow-image-grid-wrapper\"\n\t\t\t\t>\n\t\t\t\t\t<div class=\"sow-image-grid-image\">\n\t\t\t\t\t\t\t\t\t\t\t\t<img width=\"150\" height=\"150\" src=\"https:\/\/flordeibez.org\/flor\/wp-content\/uploads\/2018\/11\/guaraci-150x150.jpg\" class=\"sow-image-grid-image_html\" alt=\"\" decoding=\"async\" loading=\"lazy\" title=\"\" \/>\t\t\t\t\t\t\t\t\t\t\t<\/div>\n\t\t\t\t\t<div class=\"sow-image-grid-image\">\n\t\t\t\t\t\t\t\t\t\t\t\t<img width=\"150\" height=\"150\" src=\"https:\/\/flordeibez.org\/flor\/wp-content\/uploads\/2018\/11\/batatas-doce-150x150.jpg\" class=\"sow-image-grid-image_html\" alt=\"\" decoding=\"async\" loading=\"lazy\" title=\"\" \/>\t\t\t\t\t\t\t\t\t\t\t<\/div>\n\t\t\t\t\t<div class=\"sow-image-grid-image\">\n\t\t\t\t\t\t\t\t\t\t\t\t<img width=\"150\" height=\"150\" src=\"https:\/\/flordeibez.org\/flor\/wp-content\/uploads\/2018\/11\/manuelzinho-150x150.jpg\" class=\"sow-image-grid-image_html\" alt=\"\" decoding=\"async\" loading=\"lazy\" title=\"\" srcset=\"https:\/\/flordeibez.org\/flor\/wp-content\/uploads\/2018\/11\/manuelzinho-150x150.jpg 150w, https:\/\/flordeibez.org\/flor\/wp-content\/uploads\/2018\/11\/manuelzinho-793x800.jpg 793w, https:\/\/flordeibez.org\/flor\/wp-content\/uploads\/2018\/11\/manuelzinho-768x775.jpg 768w, https:\/\/flordeibez.org\/flor\/wp-content\/uploads\/2018\/11\/manuelzinho.jpg 800w\" sizes=\"(max-width: 150px) 100vw, 150px\" \/>\t\t\t\t\t\t\t\t\t\t\t<\/div>\n\t\t\t\t\t<div class=\"sow-image-grid-image\">\n\t\t\t\t\t\t\t\t\t\t\t\t<img width=\"150\" height=\"150\" src=\"https:\/\/flordeibez.org\/flor\/wp-content\/uploads\/2018\/11\/mudas-150x150.jpg\" class=\"sow-image-grid-image_html\" alt=\"\" decoding=\"async\" loading=\"lazy\" title=\"\" \/>\t\t\t\t\t\t\t\t\t\t\t<\/div>\n\t\t\t\t\t<div class=\"sow-image-grid-image\">\n\t\t\t\t\t\t\t\t\t\t\t\t<img width=\"150\" height=\"150\" src=\"https:\/\/flordeibez.org\/flor\/wp-content\/uploads\/2017\/08\/quemsomos_sementes_-150x150.jpg\" class=\"sow-image-grid-image_html\" alt=\"\" decoding=\"async\" loading=\"lazy\" title=\"Untitled\" \/>\t\t\t\t\t\t\t\t\t\t\t<\/div>\n\t\t\t\t\t<div class=\"sow-image-grid-image\">\n\t\t\t\t\t\t\t\t\t\t\t\t<img width=\"150\" height=\"150\" src=\"https:\/\/flordeibez.org\/flor\/wp-content\/uploads\/2018\/11\/xavantes-150x150.jpg\" class=\"sow-image-grid-image_html\" alt=\"\" decoding=\"async\" loading=\"lazy\" title=\"\" \/>\t\t\t\t\t\t\t\t\t\t\t<\/div>\n\t\t\t<\/div>\n<\/div><\/div><\/div><\/div><\/div><div id=\"pg-2618-2\"  class=\"panel-grid panel-no-style\" ><div id=\"pgc-2618-2-0\"  class=\"panel-grid-cell\" ><div id=\"panel-2618-2-0-0\" class=\"so-panel widget widget_text panel-first-child panel-last-child\" data-index=\"2\" ><div class=\"panel-widget-style panel-widget-style-for-2618-2-0-0\" >\t\t\t<div class=\"textwidget\"><p style=\"text-align: left; font-size: 27px; font-family: helvetica, arial, sans-serif; color: #5b4900;\"><strong>Ser\u00e3o tr\u00eas dias de viv\u00eancia,<\/strong><\/p>\n<p style=\"text-align: left; font-size: 23px; font-family: helvetica, arial, sans-serif; color: #5b4900;\">com pr\u00e1tica agroflorestal, roda de conversa e troca de saberes,<br \/>\ncontando com a presen\u00e7a de irm\u00e3os A&#8217;uw\u00ea Xavante e Krah\u00f4.<\/p>\n<\/div>\n\t\t<\/div><\/div><\/div><\/div><div id=\"pg-2618-3\"  class=\"panel-grid panel-has-style\" ><div class=\"siteorigin-panels-stretch panel-row-style panel-row-style-for-2618-3\" data-stretch-type=\"full\" ><div id=\"pgc-2618-3-0\"  class=\"panel-grid-cell\" ><\/div><div id=\"pgc-2618-3-1\"  class=\"panel-grid-cell\" ><div id=\"panel-2618-3-1-0\" class=\"so-panel widget widget_text panel-first-child panel-last-child\" data-index=\"4\" ><div class=\"panel-widget-style panel-widget-style-for-2618-3-1-0\" >\t\t\t<div class=\"textwidget\"><p style=\"text-align: left; font-size: 28px; font-family: helvetica, arial, sans-serif; color: #decd87;\">Uma oportunidade rara<br \/>\npara compartilhar<br \/>\nexperi\u00eancias,<br \/>\nm\u00fasicas e<br \/>\ndan\u00e7as tradicionais,<br \/>\nsementes<br \/>\nde ro\u00e7a<br \/>\ne do cerrado&#8230;<\/p>\n<\/div>\n\t\t<\/div><\/div><\/div><\/div><\/div><div id=\"pg-2618-4\"  class=\"panel-grid panel-no-style\" ><div id=\"pgc-2618-4-0\"  class=\"panel-grid-cell\" ><div id=\"panel-2618-4-0-0\" class=\"so-panel widget widget_text panel-first-child panel-last-child\" data-index=\"5\" ><div class=\"panel-widget-style panel-widget-style-for-2618-4-0-0\" >\t\t\t<div class=\"textwidget\"><p style=\"text-align: left; font-size: 28px; font-family: helvetica, arial, sans-serif; color: #5b4900; line-height: 220%;\">Trabalharemos em parcelas agroflorestais j\u00e1 existentes em Flor de Ibez e em novas implanta\u00e7\u00f5es<\/p>\n<\/div>\n\t\t<\/div><\/div><\/div><\/div><div id=\"pg-2618-5\"  class=\"panel-grid panel-no-style\" ><div id=\"pgc-2618-5-0\"  class=\"panel-grid-cell\" ><div id=\"panel-2618-5-0-0\" class=\"so-panel widget widget_media_image panel-first-child panel-last-child\" data-index=\"6\" ><img width=\"800\" height=\"450\" src=\"https:\/\/flordeibez.org\/flor\/wp-content\/uploads\/2018\/11\/colheita_banana-800x450.jpg\" class=\"image wp-image-2632  attachment-medium size-medium\" alt=\"\" decoding=\"async\" loading=\"lazy\" style=\"max-width: 100%; height: auto;\" srcset=\"https:\/\/flordeibez.org\/flor\/wp-content\/uploads\/2018\/11\/colheita_banana.jpg 800w, https:\/\/flordeibez.org\/flor\/wp-content\/uploads\/2018\/11\/colheita_banana-768x432.jpg 768w\" sizes=\"(max-width: 800px) 100vw, 800px\" \/><\/div><\/div><div id=\"pgc-2618-5-1\"  class=\"panel-grid-cell\" ><div id=\"panel-2618-5-1-0\" class=\"so-panel widget widget_media_image panel-first-child panel-last-child\" data-index=\"7\" ><img width=\"800\" height=\"450\" src=\"https:\/\/flordeibez.org\/flor\/wp-content\/uploads\/2018\/11\/canteiros_novos-800x450.jpg\" class=\"image wp-image-2631  attachment-medium size-medium\" alt=\"\" decoding=\"async\" loading=\"lazy\" style=\"max-width: 100%; height: auto;\" srcset=\"https:\/\/flordeibez.org\/flor\/wp-content\/uploads\/2018\/11\/canteiros_novos.jpg 800w, https:\/\/flordeibez.org\/flor\/wp-content\/uploads\/2018\/11\/canteiros_novos-768x432.jpg 768w\" sizes=\"(max-width: 800px) 100vw, 800px\" \/><\/div><\/div><\/div><div id=\"pg-2618-6\"  class=\"panel-grid panel-no-style\" ><div id=\"pgc-2618-6-0\"  class=\"panel-grid-cell\" ><div id=\"panel-2618-6-0-0\" class=\"so-panel widget widget_text panel-first-child panel-last-child\" data-index=\"8\" >\t\t\t<div class=\"textwidget\"><p style=\"text-align: center; font-size: 23px; font-family: helvetica, arial, sans-serif; color: #554400; background-color: #ffe680; padding: 5px 20px 5px 20px;\"><b>P R O G R A M A \u00c7 \u00c3 O<\/b><\/p>\n<\/div>\n\t\t<\/div><\/div><\/div><div id=\"pg-2618-7\"  class=\"panel-grid panel-has-style\" ><div class=\"panel-row-style panel-row-style-for-2618-7\" ><div id=\"pgc-2618-7-0\"  class=\"panel-grid-cell panel-grid-cell-mobile-last\" ><div id=\"panel-2618-7-0-0\" class=\"so-panel widget widget_text panel-first-child panel-last-child\" data-index=\"9\" ><div class=\"panel-widget-style panel-widget-style-for-2618-7-0-0\" >\t\t\t<div class=\"textwidget\"><p style=\"text-align: left; font-size: 26px; font-family: helvetica, arial, sans-serif; color: #fff; margin-top: 10%;\"><b>Cora\u00e7\u00e3o em Flor<\/b><br \/>\n<span style=\"color: #ffeeaa;\">Viv\u00eancia inter\u00e9tnica em agroecologia<\/span><\/p>\n<p>&nbsp;<\/p>\n<p style=\"font-size: 17px; font-family: helvetica, arial, sans-serif; color: #fff6d5;\"><span style=\"color: #d45500; font-weight: bold;\">Conte\u00fado:<\/span> pr\u00e1tica agroflorestal com implanta\u00e7\u00e3o de novas parcelas, lida com sementes nativas, feira de sementes, roda de conversa, m\u00fasica e dan\u00e7as tradicionais ind\u00edgenas, caminhada pelo cerrado e reconhecimento da sua biodiversidade, bem-viver.<\/p>\n<p style=\"font-size: 17px; font-family: helvetica, arial, sans-serif; color: #fff6d5;\"><span style=\"color: #d45500; font-weight: bold;\">NOVA data:<\/span> Em dezembro, chegada dia 15 (s\u00e1bado) at\u00e9 9h da manh\u00e3. Sa\u00edda dia 17 (segunda-feira) \u00e0s 20h.<\/p>\n<p style=\"font-size: 17px; font-family: helvetica, arial, sans-serif; color: #fff6d5;\"><span style=\"color: #d45500; font-weight: bold;\">Local:<\/span> Flor de Ibez, \u00e1rea rural, a 20km de Barra do Gar\u00e7as\/MT.<\/p>\n<p style=\"font-size: 17px; font-family: helvetica, arial, sans-serif; color: #fff6d5;\"><span style=\"color: #d45500; font-weight: bold;\">Hospedagem:<\/span> Em camping. Cada participante traz sua barraca (que suporte chuva) e complementos.<\/p>\n<p style=\"font-size: 17px; font-family: helvetica, arial, sans-serif; color: #fff6d5;\"><span style=\"color: #d45500; font-weight: bold;\">Valor de troca:<\/span> R$ 180,00 a viv\u00eancia integral ou R$70,00 por dia. Esses valores visam cobrir despesas di\u00e1rias de manuten\u00e7\u00e3o do encontro (luz, \u00e1gua, material de higiene e limpeza, alimenta\u00e7\u00e3o de todo o grupo). A equipe de organiza\u00e7\u00e3o (Alexandre Lemos e Flor de Ibez) trabalha voluntariamente.<\/p>\n<p style=\"font-size: 17px; font-family: helvetica, arial, sans-serif; color: #fff6d5;\"><span style=\"color: #d45500; font-weight: bold;\">Certificado:<\/span> Podemos emitir certificado para os que participarem integralmente da viv\u00eancia.<\/p>\n<\/div>\n\t\t<\/div><\/div><\/div><div id=\"pgc-2618-7-1\"  class=\"panel-grid-cell panel-grid-cell-empty\" ><\/div><\/div><\/div><div id=\"pg-2618-8\"  class=\"panel-grid panel-no-style\" ><div id=\"pgc-2618-8-0\"  class=\"panel-grid-cell\" ><div id=\"panel-2618-8-0-0\" class=\"widget_text so-panel widget widget_custom_html panel-first-child panel-last-child\" data-index=\"10\" ><div class=\"textwidget custom-html-widget\"><p style=\"text-align: center; font-size: 28px; font-family: helvetica, arial, sans-serif; color: #554400; background-color: #ffe680; padding: 5px 20px 5px 20px;\"><b>I N S C R I \u00c7 \u00c3 O<\/b><\/p><\/div><\/div><\/div><\/div><div id=\"pg-2618-9\"  class=\"panel-grid panel-no-style\" ><div id=\"pgc-2618-9-0\"  class=\"panel-grid-cell\" ><div id=\"panel-2618-9-0-0\" class=\"so-panel widget widget_text panel-first-child panel-last-child\" data-index=\"11\" ><div class=\"panel-widget-style panel-widget-style-for-2618-9-0-0\" >\t\t\t<div class=\"textwidget\"><p style=\"color: #2b1100; font-size: 20px; font-family: helvetica, arial, sans-serif;\">Efetue sua inscri\u00e7\u00e3o por meio do <a href=\"https:\/\/goo.gl\/forms\/eCXTjgvo8FQwS5u93\" target=\"_blank\" rel=\"noopener\">Formul\u00e1rio de Inscri\u00e7\u00e3o (clique aqui)<\/a>.<\/p>\n<p style=\"color: #2b1100; font-size: 20px; font-family: helvetica, arial, sans-serif;\">Dados para transfer\u00eancia ou dep\u00f3sito banc\u00e1rio:<\/p>\n<p style=\"color: #2b1100; font-size: 16px; font-family: helvetica, arial, sans-serif; margin-left: 9%;\"><b>Flor de Ibez &#8212; Instituto de Vida Integral<\/b><br \/>\nBanco 237 &#8211; Bradesco<br \/>\nAg\u00eancia 3292-1 \u00a0 CC 6751-2<br \/>\nCNPJ 27.233.268\/0001-20<\/p>\n<\/div>\n\t\t<\/div><\/div><\/div><\/div><div id=\"pg-2618-10\"  class=\"panel-grid panel-no-style\" ><div id=\"pgc-2618-10-0\"  class=\"panel-grid-cell\" ><div id=\"panel-2618-10-0-0\" class=\"so-panel widget widget_text panel-first-child\" data-index=\"12\" ><div class=\"panel-widget-style panel-widget-style-for-2618-10-0-0\" >\t\t\t<div class=\"textwidget\"><p style=\"color: #554400; font-size: 20px; font-family: helvetica, arial, sans-serif; text-align: center;\">Uma <b>parceria<\/b> entre<br \/>\n<b>FLOR DE IBEZ<\/b> &#8212; Instituto de Vida Integral e<br \/>\n<b>A.I.R.E<\/b> &#8212; Associa\u00e7\u00e3o Ind\u00edgena Rip\u00e1 de Etnodesenvolvimento<\/p>\n<\/div>\n\t\t<\/div><\/div><div id=\"panel-2618-10-0-1\" class=\"so-panel widget widget_media_image panel-last-child\" data-index=\"13\" ><div class=\"panel-widget-style panel-widget-style-for-2618-10-0-1\" ><img width=\"360\" height=\"152\" src=\"https:\/\/flordeibez.org\/flor\/wp-content\/uploads\/2018\/11\/logos-768x325.png\" class=\"image wp-image-2663  attachment-360x152 size-360x152\" alt=\"\" decoding=\"async\" loading=\"lazy\" style=\"max-width: 100%; height: auto;\" srcset=\"https:\/\/flordeibez.org\/flor\/wp-content\/uploads\/2018\/11\/logos-768x325.png 768w, https:\/\/flordeibez.org\/flor\/wp-content\/uploads\/2018\/11\/logos-800x339.png 800w, https:\/\/flordeibez.org\/flor\/wp-content\/uploads\/2018\/11\/logos.png 867w\" sizes=\"(max-width: 360px) 100vw, 360px\" \/><\/div><\/div><\/div><div id=\"pgc-2618-10-1\"  class=\"panel-grid-cell\" ><div id=\"panel-2618-10-1-0\" class=\"so-panel widget widget_text panel-first-child\" data-index=\"14\" ><div class=\"panel-widget-style panel-widget-style-for-2618-10-1-0\" >\t\t\t<div class=\"textwidget\"><p style=\"color: #554400; font-size: 20px; font-family: helvetica, arial, sans-serif; text-align: center;\">Apoio<br \/>\n<b>FUNAI<\/b> &#8212; Funda\u00e7\u00e3o Nacional do \u00cdndio<\/p>\n<\/div>\n\t\t<\/div><\/div><div id=\"panel-2618-10-1-1\" class=\"so-panel widget widget_media_image panel-last-child\" data-index=\"15\" ><div class=\"panel-widget-style panel-widget-style-for-2618-10-1-1\" ><img width=\"130\" height=\"200\" src=\"https:\/\/flordeibez.org\/flor\/wp-content\/uploads\/2018\/11\/logo_funai.jpg\" class=\"image wp-image-2688  attachment-full size-full\" alt=\"\" decoding=\"async\" loading=\"lazy\" style=\"max-width: 100%; height: auto;\" \/><\/div><\/div><\/div><\/div><div id=\"pg-2618-11\"  class=\"panel-grid panel-has-style\" ><div class=\"siteorigin-panels-stretch panel-row-style panel-row-style-for-2618-11\" data-stretch-type=\"full\" ><div id=\"pgc-2618-11-0\"  class=\"panel-grid-cell\" ><div id=\"panel-2618-11-0-0\" class=\"so-panel widget widget_text panel-first-child panel-last-child\" data-index=\"16\" ><div class=\"panel-widget-style panel-widget-style-for-2618-11-0-0\" >\t\t\t<div class=\"textwidget\"><p style=\"text-align: center; font-size: 1px; font-family: helvetica, arial, sans-serif; color: #fff;\">\n<\/div>\n\t\t<\/div><\/div><\/div><\/div><\/div><div id=\"pg-2618-12\"  class=\"panel-grid panel-no-style\" ><div id=\"pgc-2618-12-0\"  class=\"panel-grid-cell\" ><div id=\"panel-2618-12-0-0\" class=\"so-panel widget widget_text panel-first-child panel-last-child\" data-index=\"17\" ><div class=\"panel-widget-style panel-widget-style-for-2618-12-0-0\" >\t\t\t<div class=\"textwidget\"><p style=\"text-align: center; font-size: 21px; font-family: helvetica, arial, sans-serif; color: #554400;\"><b>Acompanhe nossa p\u00e1gina!<\/b><\/p>\n<\/div>\n\t\t<\/div><\/div><\/div><div id=\"pgc-2618-12-1\"  class=\"panel-grid-cell panel-grid-cell-empty panel-grid-cell-mobile-last\" ><\/div><div id=\"pgc-2618-12-2\"  class=\"panel-grid-cell panel-grid-cell-empty\" ><\/div><\/div><div id=\"pg-2618-13\"  class=\"panel-grid panel-has-style\" ><div class=\"panel-row-style panel-row-style-for-2618-13\" ><div id=\"pgc-2618-13-0\"  class=\"panel-grid-cell\" ><div id=\"panel-2618-13-0-0\" class=\"so-panel widget widget_vifbfanbox_widget_class widget_FacebookLikeBox panel-first-child panel-last-child\" data-index=\"18\" ><div id=\"fb-root\"><\/div>\n\t\t<script>(function(d, s, id) {\n\t\tvar js, fjs = d.getElementsByTagName(s)[0];\n\t\tif (d.getElementById(id)) return;\n\t\tjs = d.createElement(s); js.id = id;\n\t\tjs.src = \"\/\/connect.facebook.net\/pt_BR\/all.js#xfbml=1&appId=Flor de Ibez\";fjs.parentNode.insertBefore(js, fjs);}(document, 'script', 'facebook-jssdk'));<\/script><fb:like-box href=\"https:\/\/www.facebook.com\/flordeibez\/\" style=\"border:2px solid #ffffff\"  width=\"420\" show_faces=\"true\" border_color=\"yes\" stream=\"true\" header=\"true\" data-colorscheme=\"light\" data-show-border=\"yes\"><\/fb:like-box><\/div><\/div><div id=\"pgc-2618-13-1\"  class=\"panel-grid-cell panel-grid-cell-empty\" ><\/div><div id=\"pgc-2618-13-2\"  class=\"panel-grid-cell\" ><div id=\"panel-2618-13-2-0\" class=\"so-panel widget widget_media_image panel-first-child\" data-index=\"19\" ><img width=\"574\" height=\"800\" src=\"https:\/\/flordeibez.org\/flor\/wp-content\/uploads\/2018\/11\/xavantes-574x800.jpg\" class=\"image wp-image-2647  attachment-medium size-medium\" alt=\"\" decoding=\"async\" loading=\"lazy\" style=\"max-width: 100%; height: auto;\" srcset=\"https:\/\/flordeibez.org\/flor\/wp-content\/uploads\/2018\/11\/xavantes-574x800.jpg 574w, https:\/\/flordeibez.org\/flor\/wp-content\/uploads\/2018\/11\/xavantes.jpg 768w\" sizes=\"(max-width: 574px) 100vw, 574px\" \/><\/div><div id=\"panel-2618-13-2-1\" class=\"so-panel widget widget_text panel-last-child\" data-index=\"20\" >\t\t\t<div class=\"textwidget\"><p style=\"text-align: right; color: #d45500; font-size: 22px; font-family: helvetica, arial, sans-serif;\"><b>At\u00e9 breve!<\/b><\/p>\n<\/div>\n\t\t<\/div><\/div><\/div><\/div><div id=\"pg-2618-14\"  class=\"panel-grid panel-has-style\" ><div class=\"siteorigin-panels-stretch panel-row-style panel-row-style-for-2618-14\" data-stretch-type=\"full-stretched\" ><div id=\"pgc-2618-14-0\"  class=\"panel-grid-cell\" ><div id=\"panel-2618-14-0-0\" class=\"so-panel widget widget_text panel-first-child panel-last-child\" data-index=\"21\" ><div class=\"panel-widget-style panel-widget-style-for-2618-14-0-0\" >\t\t\t<div class=\"textwidget\"><p style=\"text-align: center; font-size: 16px; font-family: helvetica, arial, sans-serif; color: #decd87;\">e-mail flordeibez@gmail.com<br \/>\nwhats app +55 66 9 9673-7893<br \/>\nfacebook Flor de Ibez<\/p>\n<p><\/&#038;nbsp><br \/>\n<\/&#038;nbsp><br \/>\n<\/&#038;nbsp><\/p>\n<p style=\"text-align: center; font-size: 16px; font-family: helvetica, arial, sans-serif; color: #fff;\"><b>Paz a todos os seres!<\/b><\/p>\n<\/div>\n\t\t<\/div><\/div><\/div><\/div><\/div><\/div>","protected":false},"excerpt":{"rendered":"<p>Cora\u00e7\u00e3o em Flor Viv\u00eancia inter\u00e9tnica em agroecologia nova data: 15 a 17 de dezembro 2018<\/p>\n","protected":false},"author":2,"featured_media":0,"parent":0,"menu_order":0,"comment_status":"closed","ping_status":"closed","template":"","meta":[],"_links":{"self":[{"href":"https:\/\/flordeibez.org\/flor\/wp-json\/wp\/v2\/pages\/2618"}],"collection":[{"href":"https:\/\/flordeibez.org\/flor\/wp-json\/wp\/v2\/pages"}],"about":[{"href":"https:\/\/flordeibez.org\/flor\/wp-json\/wp\/v2\/types\/page"}],"author":[{"embeddable":true,"href":"https:\/\/flordeibez.org\/flor\/wp-json\/wp\/v2\/users\/2"}],"replies":[{"embeddable":true,"href":"https:\/\/flordeibez.org\/flor\/wp-json\/wp\/v2\/comments?post=2618"}],"version-history":[{"count":62,"href":"https:\/\/flordeibez.org\/flor\/wp-json\/wp\/v2\/pages\/2618\/revisions"}],"predecessor-version":[{"id":2656,"href":"https:\/\/flordeibez.org\/flor\/wp-json\/wp\/v2\/pages\/2618\/revisions\/2656"}],"wp:attachment":[{"href":"https:\/\/flordeibez.org\/flor\/wp-json\/wp\/v2\/media?parent=2618"}],"curies":[{"name":"wp","href":"https:\/\/api.w.org\/{rel}","templated":true}]}}