{"id":1606,"date":"2017-08-19T20:32:13","date_gmt":"2017-08-19T23:32:13","guid":{"rendered":"http:\/\/flordeibez.org\/flor\/?page_id=1606"},"modified":"2017-09-03T00:03:33","modified_gmt":"2017-09-03T03:03:33","slug":"boas_vizinhas","status":"publish","type":"page","link":"https:\/\/flordeibez.org\/flor\/boas_vizinhas\/","title":{"rendered":"Boas vizinhas"},"content":{"rendered":"<div id=\"pl-1606\"  class=\"panel-layout\" ><div id=\"pg-1606-0\"  class=\"panel-grid panel-no-style\" ><div id=\"pgc-1606-0-0\"  class=\"panel-grid-cell\" ><div id=\"panel-1606-0-0-0\" class=\"so-panel widget widget_sow-editor panel-first-child panel-last-child\" data-index=\"0\" ><div class=\"panel-widget-style panel-widget-style-for-1606-0-0-0\" ><div\n\t\t\t\n\t\t\tclass=\"so-widget-sow-editor so-widget-sow-editor-base\"\n\t\t\t\n\t\t>\n<div class=\"siteorigin-widget-tinymce textwidget\">\n\t<p style=\"text-align: none; font-size: 32px; font-family: helvetica, arial, sans-serif; color: #d14c00;\"><b>Boas vizinhas...<\/b><\/p>\n<p><a href=\"http:\/\/flordeibez.org\/\"><img decoding=\"async\" loading=\"lazy\" class=\"alignnone size-medium wp-image-1570\" title=\"Clique para conhecer mais\" src=\"http:\/\/flordeibez.org\/flor\/wp-content\/uploads\/2017\/09\/arvores_do_gatil_01_.jpg\" alt=\"\" width=\"800\" height=\"450\" \/><\/a><\/p>\n<p style=\"text-align: left; font-size: 17px; font-family: helvetica, arial, sans-serif; color: #5b4900; line-height: 200%;\">Todo mundo j\u00e1 ouviu falar do calor do Mato Grosso... Para ter uma ideia, aqui o pessoal do campo chama o inverno de \"ver\u00e3o\"! Normalmente \u00e9 seco e quente, com \"momentos de frescor\". Mas quando entramos na primavera e as chuvas ainda n\u00e3o chegaram, a\u00ed sim os dias s\u00e3o especialmente abafados.<\/p>\n<p style=\"text-align: left; font-size: 17px; font-family: helvetica, arial, sans-serif; color: #5b4900; line-height: 200%;\"><img decoding=\"async\" loading=\"lazy\" class=\"wp-image-1797 alignright\" title=\"Clique para conhecer mais\" src=\"http:\/\/flordeibez.org\/flor\/wp-content\/uploads\/2017\/09\/arvores_do_gatil_02_.jpg\" alt=\"\" width=\"400\" height=\"225\" \/>Por tudo isso, ao escolher o local para constru\u00e7\u00e3o da casa-gatil, al\u00e9m das avalia\u00e7\u00f5es da geobiologia para encontrar um espa\u00e7o saud\u00e1vel do ponto de vista tel\u00farico e magn\u00e9tico, buscamos tamb\u00e9m a sombra de uma \u00e1rvore. Encontramos duas boas vizinhas, bem treinadas no calor e na secura do estio, que v\u00e3o doar sua sombra e seus galhos para o conforto e o exerc\u00edcio dos nossos irm\u00e3os felinos, que est\u00e3o prestes a chegar em Flor de Ibez.<\/p>\n<p style=\"text-align: left; font-size: 17px; font-family: helvetica, arial, sans-serif; color: #5b4900; line-height: 200%;\">\u00c9 pela chegada deles -- oito gatos resgatados de situa\u00e7\u00f5es de risco -- mais dois c\u00e3es e seus fi\u00e9is guardi\u00e3es -- a Carla e o Roberto --, que estamos lan\u00e7ando o <a title=\"Clique para conhecer mais!\" href=\"http:\/\/flordeibez.org\/ target=\" rel=\"noopener\"><b>Projeto Gato-Amigo<\/b><\/a> e o <a title=\"Clique para conhecer mais!\" href=\"https:\/\/goo.gl\/forms\/D2z9CiYft4WolkVH2\" target=\"_blank\" rel=\"noopener\"><b>voluntariado<\/b><\/a> para a constru\u00e7\u00e3o da casa-gatil.<\/p>\n<p style=\"text-align: left; font-size: 17px; font-family: helvetica, arial, sans-serif; color: #5b4900; line-height: 200%;\">Quem sabe voc\u00ea vem nos ajudar a <a title=\"Clique para conhecer mais\" href=\"https:\/\/goo.gl\/forms\/D2z9CiYft4WolkVH2\" target=\"_blank\" rel=\"noopener\"><b>bioconstruir<\/b><\/a>? Ou mesmo colaborar \u00e0 dist\u00e2ncia, <a title=\"Clique para conhecer mais!\" href=\"http:\/\/flordeibez.org\/ target=\" rel=\"noopener\"><b>divulgando o projeto<\/b><\/a> e participando? Fa\u00e7a parte dessa fam\u00edlia!<\/p>\n<\/div>\n<\/div><\/div><\/div><\/div><\/div><\/div>","protected":false},"excerpt":{"rendered":"<p>Boas vizinhas&#8230; Todo mundo j\u00e1 ouviu falar do calor do Mato Grosso&#8230; Para ter uma ideia, aqui o pessoal do campo chama o inverno de &#8220;ver\u00e3o&#8221;! Normalmente \u00e9 seco e quente, com &#8220;momentos de frescor&#8221;. Mas quando entramos na primavera e as chuvas ainda n\u00e3o chegaram, a\u00ed sim os dias s\u00e3o especialmente abafados. Por tudo [&hellip;]<\/p>\n","protected":false},"author":2,"featured_media":0,"parent":0,"menu_order":0,"comment_status":"closed","ping_status":"closed","template":"","meta":[],"_links":{"self":[{"href":"https:\/\/flordeibez.org\/flor\/wp-json\/wp\/v2\/pages\/1606"}],"collection":[{"href":"https:\/\/flordeibez.org\/flor\/wp-json\/wp\/v2\/pages"}],"about":[{"href":"https:\/\/flordeibez.org\/flor\/wp-json\/wp\/v2\/types\/page"}],"author":[{"embeddable":true,"href":"https:\/\/flordeibez.org\/flor\/wp-json\/wp\/v2\/users\/2"}],"replies":[{"embeddable":true,"href":"https:\/\/flordeibez.org\/flor\/wp-json\/wp\/v2\/comments?post=1606"}],"version-history":[{"count":47,"href":"https:\/\/flordeibez.org\/flor\/wp-json\/wp\/v2\/pages\/1606\/revisions"}],"predecessor-version":[{"id":1885,"href":"https:\/\/flordeibez.org\/flor\/wp-json\/wp\/v2\/pages\/1606\/revisions\/1885"}],"wp:attachment":[{"href":"https:\/\/flordeibez.org\/flor\/wp-json\/wp\/v2\/media?parent=1606"}],"curies":[{"name":"wp","href":"https:\/\/api.w.org\/{rel}","templated":true}]}}